{"id":13022,"date":"2020-06-11T09:29:43","date_gmt":"2020-06-11T07:29:43","guid":{"rendered":"https:\/\/pracovisko.ffukf.sk\/podujatia\/"},"modified":"2024-06-28T17:39:04","modified_gmt":"2024-06-28T15:39:04","slug":"events","status":"publish","type":"page","link":"https:\/\/ktr.ff.ukf.sk\/en\/events\/","title":{"rendered":"Events"},"content":{"rendered":"<div id=\"set-rl_sliders-1\" class=\"rl_sliders nn_sliders accordion panel-group has_effects\" role=\"presentation\">\n<div class=\"accordion-group panel rl_sliders-group nn_sliders-group active red\">\n<div class=\"accordion-heading panel-heading\" aria-controls=\"events-in-2024\"><a id=\"slider-events-in-2024\" class=\"accordion-toggle rl_sliders-toggle nn_sliders-toggle\" title=\"Events in 2024\" href=\"http:\/\/www.ktr.ff.ukf.sk\/index.php\/en\/events#events-in-2024\" data-toggle=\"collapse\" data-id=\"events-in-2024\" data-parent=\"#set-rl_sliders-1\" aria-expanded=\"true\"><span class=\"rl_sliders-toggle-inner nn_sliders-toggle-inner\"> Events in 2024<\/span><\/a><\/div>\n<div id=\"events-in-2024\" class=\"accordion-body rl_sliders-body nn_sliders-body collapse in\" role=\"region\" aria-labelledby=\"slider-events-in-2024\" aria-hidden=\"false\">\n<div class=\"accordion-inner panel-body\">\n<p><a title=\"index.php\/sk\/podujatia\/478-spajanie-kultur-na-xii-rocniku-medzinarodnej-vedeckej-konferencie-pre-doktorandov-a-mladych-vedeckych-pracovnikov-pod-zastitou-katedry-translatologie\" href=\"http:\/\/www.ktr.ff.ukf.sk\/index.php\/en\/events\/546-legal-translation-in-theory-and-practice-i\">17. 4. 2024 | Legal Translation in Theory and Practice I.<\/a><\/p>\n<p><a title=\"index.php\/sk\/podujatia\/478-spajanie-kultur-na-xii-rocniku-medzinarodnej-vedeckej-konferencie-pre-doktorandov-a-mladych-vedeckych-pracovnikov-pod-zastitou-katedry-translatologie\" href=\"http:\/\/www.ktr.ff.ukf.sk\/index.php\/en\/events\/549-accessibility-of-cultural-events-for-the-deaf-what-should-be-done\">11. 4. 2024 | Accessibility of Cultural Events for the Deaf: What Should Be Done?<\/a><\/p>\n<p><a title=\"index.php\/sk\/podujatia\/478-spajanie-kultur-na-xii-rocniku-medzinarodnej-vedeckej-konferencie-pre-doktorandov-a-mladych-vedeckych-pracovnikov-pod-zastitou-katedry-translatologie\" href=\"http:\/\/www.ktr.ff.ukf.sk\/index.php\/en\/events\/543-creative-reflections-on-translation-xiii-the-strength-of-translation-and-translating\">9. 4. 2024 | Creative Reflections on Translation XIII: The Strength of Translation and Translating<\/a><\/p>\n<p><a title=\"index.php\/sk\/podujatia\/478-spajanie-kultur-na-xii-rocniku-medzinarodnej-vedeckej-konferencie-pre-doktorandov-a-mladych-vedeckych-pracovnikov-pod-zastitou-katedry-translatologie\" href=\"http:\/\/www.ktr.ff.ukf.sk\/index.php\/en\/events\/539-haiku-samurai-and-a-cat-that-saved-books\">4. 4. 2024 | Haiku, Samurai, and a Cat That Saved Books<\/a><\/p>\n<p><a title=\"index.php\/sk\/podujatia\/478-spajanie-kultur-na-xii-rocniku-medzinarodnej-vedeckej-konferencie-pre-doktorandov-a-mladych-vedeckych-pracovnikov-pod-zastitou-katedry-translatologie\" href=\"http:\/\/www.ktr.ff.ukf.sk\/index.php\/en\/events\/537-translation-and-translating-in-the-european-parliament\">4. 4. 2024 | Translation and Translating in the European Parliament<\/a><\/p>\n<p><a href=\"http:\/\/www.ktr.ff.ukf.sk\/index.php\/en\/events\/552-translating-in-the-european-comission-machine-translation-nlp-and-artificial-intelligence\">19. 3. 2024 | Translating in the European Comission: Machine Translation, NLP, and Artificial Intelligence<\/a><\/p>\n<p><a title=\"index.php\/sk\/podujatia\/478-spajanie-kultur-na-xii-rocniku-medzinarodnej-vedeckej-konferencie-pre-doktorandov-a-mladych-vedeckych-pracovnikov-pod-zastitou-katedry-translatologie\" href=\"http:\/\/www.ktr.ff.ukf.sk\/index.php\/en\/events\/tradition-and-inovation-in-translation-studies-research\/previous-years\/480-bridging-cultures-at-the-xiith-international-scientific-conference-for-phd-students-and-young-researchers\">29. \u2013 30. 1. 2024 | Tradition and Innovation in Translation Studies Research XII: Bridging Cultures and Communities through Translation Studies<\/a><\/p>\n<\/div>\n<\/div>\n<\/div>\n<\/div>\n<div id=\"set-rl_sliders-2\" class=\"rl_sliders nn_sliders accordion panel-group has_effects\" role=\"presentation\"><a id=\"rl_sliders-scrollto_2\" class=\"anchor rl_sliders-scroll nn_sliders-scroll\"><\/a><\/p>\n<div class=\"accordion-group panel rl_sliders-group nn_sliders-group red active\"><a id=\"rl_sliders-scrollto_events-in-2023\" class=\"anchor rl_sliders-scroll nn_sliders-scroll\"><\/a><\/p>\n<div class=\"accordion-heading panel-heading\" aria-controls=\"events-in-2023\"><a id=\"slider-events-in-2023\" class=\"accordion-toggle rl_sliders-toggle nn_sliders-toggle\" title=\"Events in 2023\" href=\"http:\/\/www.ktr.ff.ukf.sk\/index.php\/en\/events#events-in-2023\" data-toggle=\"collapse\" data-id=\"events-in-2023\" data-parent=\"#set-rl_sliders-2\" aria-expanded=\"true\"><span class=\"rl_sliders-toggle-inner nn_sliders-toggle-inner\"> Events in 2023<\/span><\/a><\/div>\n<div id=\"events-in-2023\" class=\"accordion-body rl_sliders-body nn_sliders-body in collapse\" role=\"region\" aria-labelledby=\"slider-events-in-2023\" aria-hidden=\"false\">\n<div class=\"accordion-inner panel-body\">\n<p><a href=\"http:\/\/www.ktr.ff.ukf.sk\/index.php\/en\/33-news\/521-academia-vs-practice-the-future-of-translation-translating-and-the-translation-profession\">5. 12. 2023 | Academia vs practice: the future of translation, translating and the translation profession<\/a><\/p>\n<p><a href=\"http:\/\/www.ktr.ff.ukf.sk\/index.php\/en\/33-news\/505-translation-and-interpreting-in-time-of-crisis\">30. 11. 2023 | Translation and Interpreting in Time of Crisis<\/a><\/p>\n<p><a href=\"http:\/\/www.ktr.ff.ukf.sk\/index.php\/en\/events\/493-creative-translation-workshop\">8. 11. 2023 | Diplomatic Communication for Translation Studies Students<\/a><\/p>\n<p><a href=\"http:\/\/www.ktr.ff.ukf.sk\/index.php\/en\/events\/510-workshop-language-identity-affiliation\">6. 11. 2023 | Workshop Language \u2013 Identity \u2013 Affiliation<\/a><\/p>\n<p><a href=\"http:\/\/www.ktr.ff.ukf.sk\/index.php\/en\/events\/496-practical-aspects-of-dubbing-translation\">17. 10. 2023 | Practical Aspects of Dubbing Translation<\/a><\/p>\n<p><a href=\"http:\/\/www.ktr.ff.ukf.sk\/index.php\/en\/events\/511-translator-movie-night\">4. 10. 2023 | Translator Movie Night<\/a><\/p>\n<p><a href=\"http:\/\/www.ktr.ff.ukf.sk\/index.php\/en\/33-news\/502-summer-school-of-psit\">4. 9. 2023 | Summer School of PSIT<\/a><\/p>\n<p><a href=\"http:\/\/www.ktr.ff.ukf.sk\/index.php\/en\/events\/508-tni-in-crisis\">19. 6. 2023 | Translation and Interpreting in a Humanitarian Context. Where Machine Translation is not Enough&#8230;<\/a><\/p>\n<p><a href=\"http:\/\/www.ktr.ff.ukf.sk\/index.php\/en\/events\/512-language-production-in-bilingual-children-the-importance-of-linguistic-data\">31. 5. 2023 | Language Production in Bilingual Children: The Importance of Linguistic Data<\/a><\/p>\n<p><a href=\"http:\/\/www.ktr.ff.ukf.sk\/index.php\/en\/events\/523-ai-and-gpt-models-in-translator-s-work\">9. 5. 2023 | AI and GPT models in translator&#8217;s work<\/a><\/p>\n<p><a href=\"http:\/\/www.ktr.ff.ukf.sk\/index.php\/en\/events\/513-creative-reflections-on-translation-xii-translation-skills-in-a-new-age\">3. 5. 2023 | Creative Reflections on Translation XII: Translation Skills in a New Age<\/a><\/p>\n<p><a href=\"http:\/\/www.ktr.ff.ukf.sk\/index.php\/en\/events\/491-prerequisites-of-research-on-textology\">25. 4. 2023 | Prerequisites of Research on Textology<\/a><\/p>\n<p><a href=\"http:\/\/www.ktr.ff.ukf.sk\/index.php\/en\/events\/514-lecture-and-workshop-with-the-accredited-interpreter-marek-travnicek\">24. 4. 2023 | Lecture and workshop with the accredited interpreter Marek Tr\u00e1vni\u010dek<\/a><\/p>\n<p><a href=\"http:\/\/www.ktr.ff.ukf.sk\/index.php\/en\/events\/515-communication-situations-strategies-and-techniques-in-crisis-interpreting\">20. 4. 2023 | Communication Situations, Strategies, and Techniques in Crisis Interpreting<\/a><\/p>\n<p><a href=\"http:\/\/www.ktr.ff.ukf.sk\/index.php\/en\/events\/497-workshop-editing-delights-and-headaches\">18. 4. 2023 | Workshop Editing &#8211; Delights and Headaches<\/a><\/p>\n<p><a href=\"http:\/\/www.ktr.ff.ukf.sk\/index.php\/en\/events\/516-tradition-and-innovation-in-translation-studies-research-xi-perspectives-in-translation-and-interpreting\">6. \u2013 7. 2. 2023 | Tradition and Innovation in Translation Studies Research XI: Perspectives in Translation and Interpreting<\/a><\/p>\n<\/div>\n<\/div>\n<\/div>\n<\/div>\n<div id=\"set-rl_sliders-3\" class=\"rl_sliders nn_sliders accordion panel-group has_effects\" role=\"presentation\"><a id=\"rl_sliders-scrollto_3\" class=\"anchor rl_sliders-scroll nn_sliders-scroll\"><\/a><\/p>\n<div class=\"accordion-group panel rl_sliders-group nn_sliders-group red active\"><a id=\"rl_sliders-scrollto_events-in-2022\" class=\"anchor rl_sliders-scroll nn_sliders-scroll\"><\/a><\/p>\n<div class=\"accordion-heading panel-heading\" aria-controls=\"events-in-2022\"><a id=\"slider-events-in-2022\" class=\"accordion-toggle rl_sliders-toggle nn_sliders-toggle\" title=\"Events in 2022\" href=\"http:\/\/www.ktr.ff.ukf.sk\/index.php\/en\/events#events-in-2022\" data-toggle=\"collapse\" data-id=\"events-in-2022\" data-parent=\"#set-rl_sliders-3\" aria-expanded=\"true\"><span class=\"rl_sliders-toggle-inner nn_sliders-toggle-inner\"> Events in 2022<\/span><\/a><\/div>\n<div id=\"events-in-2022\" class=\"accordion-body rl_sliders-body nn_sliders-body in collapse\" role=\"region\" aria-labelledby=\"slider-events-in-2022\" aria-hidden=\"false\">\n<div class=\"accordion-inner panel-body\">\n<p><a href=\"http:\/\/www.ktr.ff.ukf.sk\/index.php\/en\/events\/517-a-meeting-with-translation-agencies-or-academia-vs-practice\">9. 12. 2022 | A meeting with translation agencies or Academia vs. Practice<\/a><\/p>\n<p><a href=\"http:\/\/www.ktr.ff.ukf.sk\/index.php\/en\/events\/518-from-the-booth-to-the-field-the-interpreter-s-task-in-the-refugee-crisis-in-slovakia\">8. 11. 2022 | From the Booth to the Field: The Interpreter&#8217;s Task in the Refugee Crisis in Slovakia<\/a><\/p>\n<p><a href=\"http:\/\/www.ktr.ff.ukf.sk\/index.php\/en\/events\/501-practical-aspects-of-literary-translation-2\">7. 12. 2022 | Practical Aspects of Literary Translation<\/a><\/p>\n<p><a href=\"http:\/\/www.ktr.ff.ukf.sk\/index.php\/en\/events\/519-autumn-school-of-audiovisual-translation-an-inspirational-event-about-translation-accessibility-and-audiences-with-special-needs\">27. \u2013 28. 9. 2022 | Autumn School of Audiovisual Translation<\/a><\/p>\n<p><a href=\"http:\/\/www.ktr.ff.ukf.sk\/index.php\/en\/events\/493-creative-translation-workshop\">21. \u2013 28. 9. 2022 | Creative Translation Workshop<\/a><\/p>\n<p><a href=\"http:\/\/www.ktr.ff.ukf.sk\/index.php\/en\/events\/398-on-the-translation-of-slovak-literature-into-german\">7. 4. 2022 | Discussion with the translators Mirko Kraetsch and Michal Hvoreck\u00fd<\/a><\/p>\n<p><a href=\"http:\/\/www.ktr.ff.ukf.sk\/index.php\/en\/events\/397-the-11th-year-of-creative-translation-reflections\">5. 4. 2022 | Creative Reflections on Translation XI: The Art of Translation and Interpreting<\/a><\/p>\n<p><a href=\"http:\/\/www.ktr.ff.ukf.sk\/index.php\/en\/events\/388-discussion-with-translator-veronika-matusova\">1. 3. 2022 | Discussion with Translator Veronika Ma\u0165\u00fa\u0161ov\u00e1<\/a><\/p>\n<p><a href=\"http:\/\/www.ktr.ff.ukf.sk\/index.php\/en\/events\/tradition-and-inovation-in-translation-studies-research\/525-academia-vs-practice-project-management-in-career-of-a-translator\">22. 2. 2022 | Academia vs practice: project management in career of a translator<\/a><\/p>\n<p><a href=\"http:\/\/www.ktr.ff.ukf.sk\/index.php\/en\/events\/tradition-and-inovation-in-translation-studies-research\/383-the-tenth-jubilee-of-tradition-and-innovation-in-translation-studies-research-2022-as-a-sign-of-motivation-and-future\">9. \u2013 10. 2. 2022 | Tradition and Innovation in Translation Studies Research X: Translation and Interpreting at Crossroads<\/a><\/p>\n<\/div>\n<\/div>\n<\/div>\n<\/div>\n<div id=\"set-rl_sliders-4\" class=\"rl_sliders nn_sliders accordion panel-group has_effects\" role=\"presentation\"><a id=\"rl_sliders-scrollto_4\" class=\"anchor rl_sliders-scroll nn_sliders-scroll\"><\/a><\/p>\n<div class=\"accordion-group panel rl_sliders-group nn_sliders-group red active\"><a id=\"rl_sliders-scrollto_events-in-2021\" class=\"anchor rl_sliders-scroll nn_sliders-scroll\"><\/a><\/p>\n<div class=\"accordion-heading panel-heading\" aria-controls=\"events-in-2021\"><a id=\"slider-events-in-2021\" class=\"accordion-toggle rl_sliders-toggle nn_sliders-toggle\" title=\"Events in 2021\" href=\"http:\/\/www.ktr.ff.ukf.sk\/index.php\/en\/events#events-in-2021\" data-toggle=\"collapse\" data-id=\"events-in-2021\" data-parent=\"#set-rl_sliders-4\" aria-expanded=\"true\"><span class=\"rl_sliders-toggle-inner nn_sliders-toggle-inner\"> Events in 2021<\/span><\/a><\/div>\n<div id=\"events-in-2021\" class=\"accordion-body rl_sliders-body nn_sliders-body in collapse\" role=\"region\" aria-labelledby=\"slider-events-in-2021\" aria-hidden=\"false\">\n<div class=\"accordion-inner panel-body\">\n<p><a href=\"http:\/\/www.ktr.ff.ukf.sk\/index.php\/en\/events\/500-practical-aspects-of-literary-translation\">14. 12. 2021 | Practical Aspects of Literary Translation<\/a><\/p>\n<p><a href=\"http:\/\/www.ktr.ff.ukf.sk\/index.php\/en\/events\/378-online-presentation-of-sdl-trados-studio\">10. 6. 2021 | Online Presentation of SDL Trados Studio<\/a><\/p>\n<p><a href=\"http:\/\/www.ktr.ff.ukf.sk\/index.php\/en\/events\/381-nearly-400-registered-participants-from-54-countries\">4. 6. 2021 | From Translation to Accessibility: EMT Train the Trainer Summer School<\/a><\/p>\n<p><a href=\"http:\/\/www.ktr.ff.ukf.sk\/index.php\/en\/events\/376-translation-technologies-and-inclusion-workshops-for-practitioners\">1. \u2013 3. 6. 2021 | Translation, Technologies, and Inclusion: Workshops for Practitioners<\/a><\/p>\n<p><a href=\"http:\/\/www.ktr.ff.ukf.sk\/382-british-proffessor-held-a-talk-for-students-of-translation-studies\">16. 4. 2021 | Some experiences of an English translator from Slavonic languages<\/a><\/p>\n<p><a href=\"http:\/\/www.ktr.ff.ukf.sk\/index.php\/en\/events\/384-the-jubilee-year-of-creative-reflections-on-translation\">16. 3. 2021 | Creative Reflections on Translation X: Book, Film and Media in the New Decade<\/a><\/p>\n<p><a href=\"http:\/\/www.ktr.ff.ukf.sk\/index.php\/en\/events\/283-tradition-and-inovation-in-translation-studies-research-ix-translation-through-time\">10. 2. 2021 | Tradition and Innovation in Translation Studies Research IX: Translation through Time<\/a><\/p>\n<\/div>\n<\/div>\n<\/div>\n<\/div>\n<div id=\"set-rl_sliders-5\" class=\"rl_sliders nn_sliders accordion panel-group has_effects\" role=\"presentation\"><a id=\"rl_sliders-scrollto_5\" class=\"anchor rl_sliders-scroll nn_sliders-scroll\"><\/a><\/p>\n<div class=\"accordion-group panel rl_sliders-group nn_sliders-group red active\"><a id=\"rl_sliders-scrollto_events-in-2020\" class=\"anchor rl_sliders-scroll nn_sliders-scroll\"><\/a><\/p>\n<div class=\"accordion-heading panel-heading\" aria-controls=\"events-in-2020\"><a id=\"slider-events-in-2020\" class=\"accordion-toggle rl_sliders-toggle nn_sliders-toggle\" title=\"Events in 2020\" href=\"http:\/\/www.ktr.ff.ukf.sk\/index.php\/en\/events#events-in-2020\" data-toggle=\"collapse\" data-id=\"events-in-2020\" data-parent=\"#set-rl_sliders-5\" aria-expanded=\"true\"><span class=\"rl_sliders-toggle-inner nn_sliders-toggle-inner\"> Events in 2020<\/span><\/a><\/div>\n<div id=\"events-in-2020\" class=\"accordion-body rl_sliders-body nn_sliders-body in collapse\" role=\"region\" aria-labelledby=\"slider-events-in-2020\" aria-hidden=\"false\">\n<div class=\"accordion-inner panel-body\">\n<p><a href=\"http:\/\/www.ktr.ff.ukf.sk\/index.php\/en\/events\/527-translation-technology-and-inclusion\">22. 10. 2020 | Translation, Technology and Inclusion<\/a><\/p>\n<p><a href=\"http:\/\/www.ktr.ff.ukf.sk\/index.php\/en\/events\/531-academia-vs-practice-text-processing-data-management-and-project-management\">22. 4. 2020 | Academia vs Practice: Text processing, Data Management and Project Management<\/a><\/p>\n<p><a href=\"http:\/\/www.ktr.ff.ukf.sk\/index.php\/en\/events\/529-translation-software-in-eu-institutions\">25. 3. 2020 | Translation Software in EU Institutions<\/a><\/p>\n<p><a href=\"http:\/\/www.ktr.ff.ukf.sk\/index.php\/en\/events\/240-tradition-and-innovation-in-translation-studies-research-viii-translation-in-motion\">13. 2. 2020 | Tradition and Innovation in Translation Studies Research VIII: Translation in Motion [SK]<\/a><\/p>\n<\/div>\n<\/div>\n<\/div>\n<\/div>\n<div id=\"set-rl_sliders-6\" class=\"rl_sliders nn_sliders accordion panel-group has_effects\" role=\"presentation\"><a id=\"rl_sliders-scrollto_6\" class=\"anchor rl_sliders-scroll nn_sliders-scroll\"><\/a><\/p>\n<div class=\"accordion-group panel rl_sliders-group nn_sliders-group red active\"><a id=\"rl_sliders-scrollto_events-in-2019\" class=\"anchor rl_sliders-scroll nn_sliders-scroll\"><\/a><\/p>\n<div class=\"accordion-heading panel-heading\" aria-controls=\"events-in-2019\"><a id=\"slider-events-in-2019\" class=\"accordion-toggle rl_sliders-toggle nn_sliders-toggle\" title=\"Events in 2019\" href=\"http:\/\/www.ktr.ff.ukf.sk\/index.php\/en\/events#events-in-2019\" data-toggle=\"collapse\" data-id=\"events-in-2019\" data-parent=\"#set-rl_sliders-6\" aria-expanded=\"true\"><span class=\"rl_sliders-toggle-inner nn_sliders-toggle-inner\"> Events in 2019<\/span><\/a><\/div>\n<div id=\"events-in-2019\" class=\"accordion-body rl_sliders-body nn_sliders-body in collapse\" role=\"region\" aria-labelledby=\"slider-events-in-2019\" aria-hidden=\"false\">\n<div class=\"accordion-inner panel-body\">\n<p><a href=\"http:\/\/www.ktr.ff.ukf.sk\/index.php\/en\/events\/253-autumn-school-of-audiovisual-translation-specifics-of-subtitles-and-subtitling-of-documents\">8. 11. 2019 | Autumn School of Audiovisual Translation: Specifics of subtitles and subtitling of documents [SK]<\/a><\/p>\n<p><a href=\"http:\/\/www.ktr.ff.ukf.sk\/index.php\/en\/events\/261-young-translator-2019\">8. 11. 2019 | Young Translator 2019 [SK]<\/a><\/p>\n<p><a href=\"http:\/\/www.ktr.ff.ukf.sk\/index.php\/en\/events\/262-talk-about-an-internship\">30. 4. 2019 | Talk about an internship<\/a><\/p>\n<p><a href=\"http:\/\/www.ktr.ff.ukf.sk\/index.php\/en\/events\/263-creative-reflections-on-translation-9\">29. 3. 2019 | Creative Reflections on Translation 9 [SK]<\/a><\/p>\n<p><a href=\"http:\/\/www.ktr.ff.ukf.sk\/index.php\/en\/events\/264-lecture-deaf-hard-of-hearing-deaf-education-reception-understanding\">22. 3. 2019 | Lecture Deaf \/ Hard of Hearing: Deaf Education, Reception, &amp; Understanding [SK]<\/a><\/p>\n<p><a href=\"http:\/\/www.ktr.ff.ukf.sk\/index.php\/en\/events\/192-tradition-and-innovation-in-translation-studies-research-vii-innovation-of-tradition-tradition-of-innovation\" hreflang=\"en\">7. \u2013 8. 2. 2019 | Tradition and Innovation in Translation Studies Research VII: Innovation of Tradition, Tradition of Innovation?<\/a><\/p>\n<\/div>\n<\/div>\n<\/div>\n<\/div>\n<div id=\"set-rl_sliders-7\" class=\"rl_sliders nn_sliders accordion panel-group has_effects\" role=\"presentation\"><a id=\"rl_sliders-scrollto_7\" class=\"anchor rl_sliders-scroll nn_sliders-scroll\"><\/a><\/p>\n<div class=\"accordion-group panel rl_sliders-group nn_sliders-group red active\"><a id=\"rl_sliders-scrollto_events-in-2018\" class=\"anchor rl_sliders-scroll nn_sliders-scroll\"><\/a><\/p>\n<div class=\"accordion-heading panel-heading\" aria-controls=\"events-in-2018\"><a id=\"slider-events-in-2018\" class=\"accordion-toggle rl_sliders-toggle nn_sliders-toggle\" title=\"Events in 2018\" href=\"http:\/\/www.ktr.ff.ukf.sk\/index.php\/en\/events#events-in-2018\" data-toggle=\"collapse\" data-id=\"events-in-2018\" data-parent=\"#set-rl_sliders-7\" aria-expanded=\"true\"><span class=\"rl_sliders-toggle-inner nn_sliders-toggle-inner\"> Events in 2018<\/span><\/a><\/div>\n<div id=\"events-in-2018\" class=\"accordion-body rl_sliders-body nn_sliders-body in collapse\" role=\"region\" aria-labelledby=\"slider-events-in-2018\" aria-hidden=\"false\">\n<div class=\"accordion-inner panel-body\">\n<p><a title=\"Open link\" href=\"http:\/\/www.ktr.ff.ukf.sk\/index.php\/en\/events\/31-podujatia\/184-diskusia-so-spisovatelkou-a-novinarkou-irenou-breznou-a-prezentacia-jej-publikacie-postrehy-emigrantky\" target=\"_self\" rel=\"noopener\">3. 12. 2018 | Discussion with the author and journalist Irena Bre\u017en\u00e1 and presentation of her book Postrehy emigrantky<\/a><\/p>\n<p><a title=\"Open link\" href=\"http:\/\/www.ktr.ff.ukf.sk\/index.php\/en\/events\/31-podujatia\/99-mlady-prekladatel-2018\" target=\"_self\" rel=\"noopener\">Young translator 2018<\/a><\/p>\n<p><a title=\"Open link\" href=\"https:\/\/www.ff.ukf.sk\/543-karierne-moznosti-prekladatelov-v-instituciach-eu\" target=\"_blank\" rel=\"noopener noreferrer\">13. 11. 2018 | Carrer opportunities for translators in EU institutions<\/a><\/p>\n<p><a title=\"Open link\" href=\"http:\/\/www.ktr.ff.ukf.sk\/index.php\/en\/events\/189-translation-interpreting-and-culture-old-dogmas-new-approaches\" target=\"_self\" rel=\"noopener\">26. 9. 2018 | Translation, Interpreting and Culture: Old Dogmas, New Approaches (?)<\/a><\/p>\n<p><a title=\"Open link\" href=\"http:\/\/www.ktr.ff.ukf.sk\/index.php\/en\/events\/31-podujatia\/182-odborny-seminar-preklad-v-jazykovom-vzdelavani\" target=\"_self\" rel=\"noopener\">23. 6. 2018 | Specialized seminar Translation in Language Learning<\/a><\/p>\n<p><a title=\"Open link\" href=\"http:\/\/www.ktr.ff.ukf.sk\/index.php\/en\/events\/31-podujatia\/181-prednasky-dr-dodovskeho\" target=\"_self\" rel=\"noopener\">25. \u2013 26. 4. 2018 | Lectures of Dr. Dodovsky<\/a><\/p>\n<p><a title=\"Open link\" href=\"http:\/\/www.ktr.ff.ukf.sk\/index.php\/en\/events\/31-podujatia\/180-dejiny-prekladu-v-perspektivach\" target=\"_self\" rel=\"noopener\">24. 4. 2018 | Translation History in Perspectives<\/a><\/p>\n<p><a title=\"Open link\" href=\"http:\/\/www.ktr.ff.ukf.sk\/index.php\/en\/events\/31-podujatia\/179-tvorive-prekladatelske-reflexie-8\" target=\"_self\" rel=\"noopener\">26. 3. 2018 | Creative Reflections on Translation 8<\/a><\/p>\n<p><a title=\"Open link\" href=\"http:\/\/www.ktr.ff.ukf.sk\/index.php\/en\/events\/31-podujatia\/178-tradicia-a-inovacia-v-translatologickom-vyskume-vi\" target=\"_self\" rel=\"noopener\">1. 2. 2018 | Tradition and Innovation in Translation Studies Research VI<\/a><\/p>\n<p><a title=\"Open link\" href=\"http:\/\/www.ktr.ff.ukf.sk\/index.php\/en\/events\/31-podujatia\/177-den-otvorenych-dveri-2018\" target=\"_self\" rel=\"noopener\">15. 2. 2018 | Open Day 2018<\/a><\/p>\n<\/div>\n<\/div>\n<\/div>\n<\/div>\n<div id=\"set-rl_sliders-8\" class=\"rl_sliders nn_sliders accordion panel-group has_effects\" role=\"presentation\"><a id=\"rl_sliders-scrollto_8\" class=\"anchor rl_sliders-scroll nn_sliders-scroll\"><\/a><\/p>\n<div class=\"accordion-group panel rl_sliders-group nn_sliders-group red active\"><a id=\"rl_sliders-scrollto_events-in-2017\" class=\"anchor rl_sliders-scroll nn_sliders-scroll\"><\/a><\/p>\n<div class=\"accordion-heading panel-heading\" aria-controls=\"events-in-2017\"><a id=\"slider-events-in-2017\" class=\"accordion-toggle rl_sliders-toggle nn_sliders-toggle\" title=\"Events in 2017\" href=\"http:\/\/www.ktr.ff.ukf.sk\/index.php\/en\/events#events-in-2017\" data-toggle=\"collapse\" data-id=\"events-in-2017\" data-parent=\"#set-rl_sliders-8\" aria-expanded=\"true\"><span class=\"rl_sliders-toggle-inner nn_sliders-toggle-inner\"> Events in 2017<\/span><\/a><\/div>\n<div id=\"events-in-2017\" class=\"accordion-body rl_sliders-body nn_sliders-body in collapse\" role=\"region\" aria-labelledby=\"slider-events-in-2017\" aria-hidden=\"false\">\n<div class=\"accordion-inner panel-body\">\n<p><a href=\"http:\/\/www.ktr.ff.ukf.sk\/index.php\/en\/events\/202-school-of-annotation-of-translation-errors\" hreflang=\"en\">14. 12. 2017 | School of Annotation of Translation Errors<\/a><\/p>\n<p><a href=\"http:\/\/www.ktr.ff.ukf.sk\/index.php\/en\/events\/204-workshop-translation-technologies\">12. 12. 2017 | Workshop: Translation Technologies<\/a><\/p>\n<p><a title=\"Open link\" href=\"http:\/\/www.ktr.ff.ukf.sk\/index.php\/en\/events\/31-podujatia\/176-mlady-prekladatel-uz-po-piatykrat\" target=\"_self\" rel=\"noopener\">10. 11. 2017 | Young Translator for the fifth time<\/a><\/p>\n<p><a href=\"http:\/\/www.ktr.ff.ukf.sk\/index.php\/en\/events\/206-summer-school-of-machine-translation\" hreflang=\"en\">17. 7. 2017 | Summer School of Machine Translation<\/a><\/p>\n<p><a title=\"Open link\" href=\"https:\/\/www.facebook.com\/sspoul\/posts\/letn%C3%A1-%C5%A1kola-tlmo%C4%8Deniamiesto-konania-tlmo%C4%8Dn%C3%ADcke-laborat%C3%B3ri%C3%A1-ff-ukf-v-nitre-%C5%A1tef%C3%A1n\/819920361490831\/\" target=\"_blank\" rel=\"noopener noreferrer\">3. \u2013 6. 7. 2017 | Summer School of Interpreting<\/a><\/p>\n<p><a title=\"Open link\" href=\"https:\/\/www.ff.ukf.sk\/365-prvy-rocnik-letnej-skoly-audiovizualneho-prekladu\" target=\"_blank\" rel=\"noopener noreferrer\">19 \u2013 23. 6. 2017 | Summer School of Audiovisual Translation (dubbing, subtitling, media accessibility)Summer School of Audiovisual Translation (dubbing, subtitling, media accessibility)<\/a><\/p>\n<p><a title=\"Open link\" href=\"http:\/\/www.ktr.ff.ukf.sk\/index.php\/en\/events\/31-podujatia\/175-vzdelavaci-seminar-organizovany-v-spolupraci-s-asap-translation-com\" target=\"_self\" rel=\"noopener\">10. 6. 2017 | Educational seminar organized in cooperation with ASAP-translation.com<\/a><\/p>\n<p><a title=\"Open link\" href=\"http:\/\/www.ktr.ff.ukf.sk\/index.php\/en\/events\/31-podujatia\/174-studenti-katedry-translatologie-uspesni-na-prekladatelskej-univerziade\" target=\"_self\" rel=\"noopener\">Students of Department of Translation Studies succeeded in the Prekladate\u013esk\u00e1 univerzi\u00e1da contest<\/a><\/p>\n<p><a title=\"Open link\" href=\"http:\/\/www.ktr.ff.ukf.sk\/index.php\/en\/events\/31-podujatia\/173-prednaska-prof-daniel-dejica-cartis-the-evolution-and-the-image-of-the-modern-translator\" target=\"_self\" rel=\"noopener\">27. 4. 2017 | Lecture: prof. Daniel Dejica-Cartis \u2013 The Evolution and the Image of the Modern Translator<\/a><\/p>\n<p><a title=\"Open link\" href=\"http:\/\/www.ktr.ff.ukf.sk\/index.php\/en\/events\/31-podujatia\/172-beseda-s-barborou-kralovou\" target=\"_self\" rel=\"noopener\">24. 4. 2017 | Discussion with Barbora Kr\u00e1\u013eov\u00e1<\/a><\/p>\n<p><a title=\"Open link\" href=\"http:\/\/www.ktr.ff.ukf.sk\/index.php\/en\/events\/31-podujatia\/170-lokalizacia-v-praxi-prednaska-a-workshop\" target=\"_self\" rel=\"noopener\">11. 4. 2017 | Localization in Practice \u2013 lecture and workshop<\/a><\/p>\n<p><a title=\"Open link\" href=\"http:\/\/www.ktr.ff.ukf.sk\/index.php\/en\/events\/31-podujatia\/169-tvorive-prekladatelske-reflexie-7\" target=\"_self\" rel=\"noopener\">14. 3. 2017 | Creative Reflections on Translation 7<\/a><\/p>\n<p><a title=\"Open link\" href=\"http:\/\/www.ktr.ff.ukf.sk\/index.php\/en\/events\/31-podujatia\/167-tradicia-a-inovacia-v-translatologickom-vyskume-v\" target=\"_self\" rel=\"noopener\">7. 2. 2017 | Tradition and Innovation in Translation Studies Research V.<\/a><\/p>\n<\/div>\n<\/div>\n<\/div>\n<\/div>\n<div id=\"set-rl_sliders-9\" class=\"rl_sliders nn_sliders accordion panel-group has_effects\" role=\"presentation\"><a id=\"rl_sliders-scrollto_9\" class=\"anchor rl_sliders-scroll nn_sliders-scroll\"><\/a><\/p>\n<div class=\"accordion-group panel rl_sliders-group nn_sliders-group red active\"><a id=\"rl_sliders-scrollto_events-in-2016\" class=\"anchor rl_sliders-scroll nn_sliders-scroll\"><\/a><\/p>\n<div class=\"accordion-heading panel-heading\" aria-controls=\"events-in-2016\"><a id=\"slider-events-in-2016\" class=\"accordion-toggle rl_sliders-toggle nn_sliders-toggle\" title=\"Events in 2016\" href=\"http:\/\/www.ktr.ff.ukf.sk\/index.php\/en\/events#events-in-2016\" data-toggle=\"collapse\" data-id=\"events-in-2016\" data-parent=\"#set-rl_sliders-9\" aria-expanded=\"true\"><span class=\"rl_sliders-toggle-inner nn_sliders-toggle-inner\"> Events in 2016<\/span><\/a><\/div>\n<div id=\"events-in-2016\" class=\"accordion-body rl_sliders-body nn_sliders-body in collapse\" role=\"region\" aria-labelledby=\"slider-events-in-2016\" aria-hidden=\"false\">\n<div class=\"accordion-inner panel-body\">\n<p><a title=\"Open link\" href=\"http:\/\/www.ktr.ff.ukf.sk\/index.php\/en\/events\/31-podujatia\/164-vyhlasenie-vysledkov-sutaze-mlady-prekladatel-2016\" target=\"_self\" rel=\"noopener\">Announcement of the Results of the Young Translator Contest 2016<\/a><\/p>\n<p><a title=\"Open link\" href=\"http:\/\/www.ktr.ff.ukf.sk\/index.php\/en\/events\/31-podujatia\/165-vysledky-sutaze-mlady-prekladatel-2016\" target=\"_self\" rel=\"noopener\">Results of the Young Translator Contest 2016<\/a><\/p>\n<p><a title=\"Open link\" href=\"http:\/\/www.ktr.ff.ukf.sk\/index.php\/en\/events\/31-podujatia\/164-vyhlasenie-vysledkov-sutaze-mlady-prekladatel-2016\" target=\"_self\" rel=\"noopener\">Announcement of the Results of the Young Translator Contest 2016<\/a><\/p>\n<p><a title=\"Open link\" href=\"http:\/\/www.ktr.ff.ukf.sk\/index.php\/en\/events\/31-podujatia\/163-mlady-prekladatel-2016\" target=\"_self\" rel=\"noopener\">Young Translator 2016<\/a><\/p>\n<p><a title=\"Open link\" href=\"http:\/\/www.ktr.ff.ukf.sk\/index.php\/en\/events\/31-podujatia\/162-v-tokarevova-z-aspektu-translacnej-a-citatelskej-recepcie-na-slovensku\" target=\"_self\" rel=\"noopener\">8. 11. 2016 | V. Tokareva: the Translation and Readers Reception in Slovakia<\/a><\/p>\n<p><a title=\"Open link\" href=\"http:\/\/www.ktr.ff.ukf.sk\/index.php\/en\/events\/31-podujatia\/161-stretnutie-siete-univerzit-emt\" target=\"_self\" rel=\"noopener\">18. 10. 2016 Meeting of the EMT Network Universities<\/a><\/p>\n<\/div>\n<\/div>\n<\/div>\n<\/div>\n<div id=\"set-rl_sliders-10\" class=\"rl_sliders nn_sliders accordion panel-group has_effects\" role=\"presentation\"><a id=\"rl_sliders-scrollto_10\" class=\"anchor rl_sliders-scroll nn_sliders-scroll\"><\/a><\/p>\n<div class=\"accordion-group panel rl_sliders-group nn_sliders-group red active\"><a id=\"rl_sliders-scrollto_events-in-2015\" class=\"anchor rl_sliders-scroll nn_sliders-scroll\"><\/a><\/p>\n<div class=\"accordion-heading panel-heading\" aria-controls=\"events-in-2015\"><a id=\"slider-events-in-2015\" class=\"accordion-toggle rl_sliders-toggle nn_sliders-toggle\" title=\"Events in 2015\" href=\"http:\/\/www.ktr.ff.ukf.sk\/index.php\/en\/events#events-in-2015\" data-toggle=\"collapse\" data-id=\"events-in-2015\" data-parent=\"#set-rl_sliders-10\" aria-expanded=\"true\"><span class=\"rl_sliders-toggle-inner nn_sliders-toggle-inner\"> Events in 2015<\/span><\/a><\/div>\n<div id=\"events-in-2015\" class=\"accordion-body rl_sliders-body nn_sliders-body in collapse\" role=\"region\" aria-labelledby=\"slider-events-in-2015\" aria-hidden=\"false\">\n<div class=\"accordion-inner panel-body\">\n<p><a title=\"Open link\" href=\"http:\/\/www.ktr.ff.ukf.sk\/index.php\/en\/events\/31-podujatia\/154-beseda-so-spisovatelom-markom-vadasom\" target=\"_self\" rel=\"noopener\">10. 12. 2015 | Discussion with the author Marek Vadas<\/a><\/p>\n<p><a title=\"Open link\" href=\"http:\/\/www.ktr.ff.ukf.sk\/index.php\/en\/events\/31-podujatia\/155-mlady-prekladatel-2015\" target=\"_self\" rel=\"noopener\">5. 12. 2015 | Young Translator 2015<\/a><\/p>\n<p><a title=\"Open link\" href=\"http:\/\/www.ktr.ff.ukf.sk\/index.php\/en\/events\/31-podujatia\/156-praca-s-textovymi-korpusmi-a-terminologickymi-databazami\" target=\"_self\" rel=\"noopener\">23. 10. 2015 | Working with Text Corpora and Terminological Databases<\/a><\/p>\n<p><a title=\"Open link\" href=\"http:\/\/www.ktr.ff.ukf.sk\/index.php\/en\/events\/31-podujatia\/157-tvorive-prekladatelske-reflexie-6-idealy-vs-prax\" target=\"_self\" rel=\"noopener\">20. 10. 2015 | Creative Reflections on Translation 6. Ideals vs. Practice<\/a><\/p>\n<p><a title=\"Open link\" href=\"http:\/\/www.ktr.ff.ukf.sk\/index.php\/en\/events\/31-podujatia\/158-some-holmes-and-popovic-in-all-of-us-the-low-countries-and-the-nitra-schools-in-the-21st-century\" target=\"_self\" rel=\"noopener\">8. 10. 2015 | Some Holmes and Popovi\u010d in all of us? The Low Countries and the Nitra Schools in the 21st century<\/a><\/p>\n<p><a title=\"Open link\" href=\"http:\/\/www.ktr.ff.ukf.sk\/index.php\/en\/events\/31-podujatia\/159-atelier-audiovizualneho-prekladu-4-za-hranicami-prekladu\" target=\"_self\" rel=\"noopener\">21. \u2013 22. 4. 2015 | Atelier of Audiovisual Translation 4. Beyond the Limits of Translation<\/a><\/p>\n<p><a title=\"Open link\" href=\"http:\/\/www.ktr.ff.ukf.sk\/index.php\/en\/events\/31-podujatia\/160-stretnutie-hura-mam-diplom-a-co-dalej\" target=\"_self\" rel=\"noopener\">25. 3. 2015 | Meeting \u201cHurray! I got my diploma. Now what?\u201c<\/a><\/p>\n<\/div>\n<\/div>\n<\/div>\n<\/div>\n<div id=\"set-rl_sliders-11\" class=\"rl_sliders nn_sliders accordion panel-group has_effects\" role=\"presentation\"><a id=\"rl_sliders-scrollto_11\" class=\"anchor rl_sliders-scroll nn_sliders-scroll\"><\/a><\/p>\n<div class=\"accordion-group panel rl_sliders-group nn_sliders-group red active\"><a id=\"rl_sliders-scrollto_events-in-2014\" class=\"anchor rl_sliders-scroll nn_sliders-scroll\"><\/a><\/p>\n<div class=\"accordion-heading panel-heading\" aria-controls=\"events-in-2014\"><a id=\"slider-events-in-2014\" class=\"accordion-toggle rl_sliders-toggle nn_sliders-toggle\" title=\"Events in 2014\" href=\"http:\/\/www.ktr.ff.ukf.sk\/index.php\/en\/events#events-in-2014\" data-toggle=\"collapse\" data-id=\"events-in-2014\" data-parent=\"#set-rl_sliders-11\" aria-expanded=\"true\"><span class=\"rl_sliders-toggle-inner nn_sliders-toggle-inner\"> Events in 2014<\/span><\/a><\/div>\n<div id=\"events-in-2014\" class=\"accordion-body rl_sliders-body nn_sliders-body in collapse\" role=\"region\" aria-labelledby=\"slider-events-in-2014\" aria-hidden=\"false\">\n<div class=\"accordion-inner panel-body\">\n<p><a title=\"Open link\" href=\"http:\/\/www.ktr.ff.ukf.sk\/index.php\/en\/events\/31-podujatia\/153-atelier-audiovizualneho-prekladu-3-audiovizualne-tvorba-bez-hranic\" target=\"_self\" rel=\"noopener\">28. \u2013 29. 4. 2014 | Atelier of Audiovisual Translation 3. Audiovisual Works Without Limits<\/a><\/p>\n<p><a title=\"Open link\" href=\"http:\/\/www.ktr.ff.ukf.sk\/index.php\/en\/events\/31-podujatia\/152-tvorive-prekladatelske-reflexie-5-detsky-citatel-detsky-divak\" target=\"_self\" rel=\"noopener\">Creative Reflections on Translation 5. Child Reader, Child Viewer<\/a><\/p>\n<p><a title=\"Open link\" href=\"http:\/\/www.ktr.ff.ukf.sk\/index.php\/en\/events\/31-podujatia\/150-slavnost-francuzskej-chuti-a-sutazny-frankofonny-vecierok-beaujolais-2014\" target=\"_self\" rel=\"noopener\">Celebration of French Taste and the Francophone Soir\u00e9e Beaujolais 2014 Contest<\/a><\/p>\n<p><a title=\"Open link\" href=\"http:\/\/www.ktr.ff.ukf.sk\/index.php\/en\/events\/31-podujatia\/147-titulkovanie-pre-nepocujucich-ako-ne-robit-titulky\" target=\"_self\" rel=\"noopener\">18. 11. 2014 | Subtitling for the Deaf: How to (Not) Make Subtitles<\/a><\/p>\n<p><a title=\"Open link\" href=\"http:\/\/www.ktr.ff.ukf.sk\/index.php\/en\/events\/31-podujatia\/148-titulkovanie-pre-nepocujucich-formalne-a-vyznamove-parametre-titulkov\" target=\"_self\" rel=\"noopener\">11. 11. 2014 | Subtitling for the Deaf: Formal and Semantic Parameters of Subtitles<\/a><\/p>\n<p><a title=\"Open link\" href=\"http:\/\/www.ktr.ff.ukf.sk\/index.php\/en\/events\/31-podujatia\/149-uvod-do-problematiky-titulkovania-pre-nepocujucich\" target=\"_self\" rel=\"noopener\">4. 11. 2014 | An Introduction to Subtitling for the Deaf and Hard-of-hearing<\/a><\/p>\n<p><a title=\"Open link\" href=\"http:\/\/www.ktr.ff.ukf.sk\/index.php\/en\/events\/31-podujatia\/151-prezentacia-knihy-dejiny-umeleckeho-prekladu-na-slovensku-i\" target=\"_self\" rel=\"noopener\">Presentation of the book History of Literary Translation in Slovakia I<\/a><\/p>\n<p><a title=\"Open link\" href=\"http:\/\/www.ktr.ff.ukf.sk\/index.php\/en\/events\/31-podujatia\/146-kontexty\" target=\"_self\" rel=\"noopener\">Contexts<\/a><\/p>\n<\/div>\n<\/div>\n<\/div>\n<\/div>\n<div id=\"set-rl_sliders-12\" class=\"rl_sliders nn_sliders accordion panel-group has_effects\" role=\"presentation\"><a id=\"rl_sliders-scrollto_12\" class=\"anchor rl_sliders-scroll nn_sliders-scroll\"><\/a><\/p>\n<div class=\"accordion-group panel rl_sliders-group nn_sliders-group red active\"><a id=\"rl_sliders-scrollto_events-in-2013\" class=\"anchor rl_sliders-scroll nn_sliders-scroll\"><\/a><\/p>\n<div class=\"accordion-heading panel-heading\" aria-controls=\"events-in-2013\"><a id=\"slider-events-in-2013\" class=\"accordion-toggle rl_sliders-toggle nn_sliders-toggle\" title=\"Events in 2013\" href=\"http:\/\/www.ktr.ff.ukf.sk\/index.php\/en\/events#events-in-2013\" data-toggle=\"collapse\" data-id=\"events-in-2013\" data-parent=\"#set-rl_sliders-12\" aria-expanded=\"true\"><span class=\"rl_sliders-toggle-inner nn_sliders-toggle-inner\"> Events in 2013<\/span><\/a><\/div>\n<div id=\"events-in-2013\" class=\"accordion-body rl_sliders-body nn_sliders-body in collapse\" role=\"region\" aria-labelledby=\"slider-events-in-2013\" aria-hidden=\"false\">\n<div class=\"accordion-inner panel-body\">\n<p><a title=\"Open link\" href=\"http:\/\/www.ktr.ff.ukf.sk\/index.php\/en\/events\/31-podujatia\/145-mlady-prekladatel-2013\" target=\"_self\" rel=\"noopener\">6. 12. 2013 | Young Translator 2013<\/a><\/p>\n<p><a title=\"Open link\" href=\"http:\/\/www.ktr.ff.ukf.sk\/index.php\/en\/events\/31-podujatia\/144-dostred-divosti-3-vecer-univerzitnej-poezie\" target=\"_self\" rel=\"noopener\">18. 11. 2018 | Towards Wild-Heartedness 3: Evening of (University) Poetry<\/a><\/p>\n<p><a title=\"Open link\" href=\"http:\/\/www.ktr.ff.ukf.sk\/index.php\/en\/events\/31-podujatia\/143-tvorive-prekladatelske-reflexie-4-preklad-v-mediach-media-v-preklade\" target=\"_self\" rel=\"noopener\">5. 11. 2013 | Creative Reflections on Translation 4: Translation in Media \u2013 Media in Translation<\/a><\/p>\n<p><a title=\"Open link\" href=\"http:\/\/www.ktr.ff.ukf.sk\/index.php\/en\/events\/31-podujatia\/143-tvorive-prekladatelske-reflexie-4-preklad-v-mediach-media-v-preklade\" target=\"_self\" rel=\"noopener\">5. 11. 2013 | Students Contest: Creative Reflections on Translation 4<\/a><\/p>\n<p><a title=\"Open link\" href=\"http:\/\/www.ktr.ff.ukf.sk\/index.php\/en\/events\/31-podujatia\/141-prednaska-preklad-v-malom-alebo-v-extra-velkom\" target=\"_blank\" rel=\"noopener noreferrer\">24. 9. 2013 | Lecture: Translation in Small or Extra Large?24. 9. 2013 | Lecture: Translation in Small or Extra Large?<\/a><\/p>\n<p><a title=\"Open link\" href=\"http:\/\/www.ktr.ff.ukf.sk\/index.php\/en\/events\/31-podujatia\/140-prednaska-ass-prof-dr-alenka-valh-lopert\" target=\"_self\" rel=\"noopener\">6. 5. 2013 | Lecture \u2013 Ass. Prof. Dr. Alenka Valh Lopert<\/a><\/p>\n<p><a title=\"Open link\" href=\"http:\/\/www.ktr.ff.ukf.sk\/index.php\/en\/events\/31-podujatia\/137-atelier-prekladu-pre-audiovizualne-media-2-teoria-didaktika-kritika-prax\" target=\"_self\" rel=\"noopener\">22. \u2013 24. 4. 2013 | Atelier of Translation for Audiovisual Media 2: THEORY \u2013 DIDACTICS \u2013 CRITICISM \u2012 PRACTICE<\/a><\/p>\n<p><a title=\"Open link\" href=\"http:\/\/www.ktr.ff.ukf.sk\/index.php\/en\/events\/31-podujatia\/139-katedra-translatologie-privitala-vzacnych-hosti-z-belgicka\" target=\"_self\" rel=\"noopener\">15. 3. 2013 | Department of Translation Studies welcomed distinguished guests from Belgium<\/a><\/p>\n<p><a title=\"Open link\" href=\"http:\/\/www.ktr.ff.ukf.sk\/index.php\/en\/events\/31-podujatia\/138-stretnutie-s-irskym-basnikom-j-f-deanom-a-prezentacia-knihy-evanjelium-podla-johna\" target=\"_self\" rel=\"noopener\">12. 3. 2013 | Discussion with the Irish Poet J. F. Dean and presentation of his book According to John<\/a><\/p>\n<\/div>\n<\/div>\n<\/div>\n<\/div>\n<div id=\"set-rl_sliders-13\" class=\"rl_sliders nn_sliders accordion panel-group has_effects\" role=\"presentation\"><a id=\"rl_sliders-scrollto_13\" class=\"anchor rl_sliders-scroll nn_sliders-scroll\"><\/a><\/p>\n<div class=\"accordion-group panel rl_sliders-group nn_sliders-group red active\"><a id=\"rl_sliders-scrollto_events-in-2012\" class=\"anchor rl_sliders-scroll nn_sliders-scroll\"><\/a><\/p>\n<div class=\"accordion-heading panel-heading\" aria-controls=\"events-in-2012\"><a id=\"slider-events-in-2012\" class=\"accordion-toggle rl_sliders-toggle nn_sliders-toggle\" title=\"Events in 2012\" href=\"http:\/\/www.ktr.ff.ukf.sk\/index.php\/en\/events#events-in-2012\" data-toggle=\"collapse\" data-id=\"events-in-2012\" data-parent=\"#set-rl_sliders-13\" aria-expanded=\"true\"><span class=\"rl_sliders-toggle-inner nn_sliders-toggle-inner\"> Events in 2012<\/span><\/a><\/div>\n<div id=\"events-in-2012\" class=\"accordion-body rl_sliders-body nn_sliders-body in collapse\" role=\"region\" aria-labelledby=\"slider-events-in-2012\" aria-hidden=\"false\">\n<div class=\"accordion-inner panel-body\">\n<p><a title=\"Open link\" href=\"http:\/\/www.ktr.ff.ukf.sk\/index.php\/en\/events\/31-podujatia\/135-irsko-stratene-a-najdene-v-preklade\" target=\"_self\" rel=\"noopener\">29. 11. 2012 | Ireland (Lost) and Found in Translation<\/a><\/p>\n<p><a title=\"Open link\" href=\"http:\/\/www.ktr.ff.ukf.sk\/index.php\/en\/events\/31-podujatia\/136-prednaska-media-a-politika-francuzska\" target=\"_self\" rel=\"noopener\">21. 11. 2012 | Lecture: Media and Politics of France<\/a><\/p>\n<p><a title=\"Open link\" href=\"http:\/\/www.ktr.ff.ukf.sk\/index.php\/en\/events\/31-podujatia\/132-dostred-divosti-2-citanie-poezie-univerzitnych-autorov\" target=\"_self\" rel=\"noopener\">20. 11. 2012 | Towards Wild-Heartedness 2: Reading the Works of University Poets<\/a><\/p>\n<p><a title=\"Open link\" href=\"http:\/\/www.ktr.ff.ukf.sk\/index.php\/en\/events\/31-podujatia\/134-seria-prednasok-a-workshopov-zuzany-ursinyovej\" target=\"_self\" rel=\"noopener\">17. \u2013 26. 10. 2012 | Series of lectures and workshops by Zuzana Urs\u00ednyov\u00e1<\/a><\/p>\n<p><a title=\"Open link\" href=\"http:\/\/www.ktr.ff.ukf.sk\/index.php\/en\/events\/31-podujatia\/133-tvorive-prekladatelske-reflexie-3-redaktorska-a-editorska-prax\" target=\"_self\" rel=\"noopener\">17. 10. 2012 | Creative Reflections on Translation 3. Practice in Redacting and Editing<\/a><\/p>\n<p><a title=\"Open link\" href=\"http:\/\/www.ktr.ff.ukf.sk\/index.php\/en\/events\/31-podujatia\/131-atelier-prekladu-pre-audiovizualne-media-vyzvy-a-perspektivy\" target=\"_self\" rel=\"noopener\">23. \u2013 25. 4. 2012 | Atelier of Translation for Audiovisual Media: Challenges and Perspectives<\/a><\/p>\n<p><a title=\"Open link\" href=\"http:\/\/www.ktr.ff.ukf.sk\/index.php\/en\/events\/31-podujatia\/130-tradicia-a-inovacia-v-translatologickom-vyskume-iii\" target=\"_self\" rel=\"noopener\">7. 2. 2012 | Tradition and Innovation in Translation Studies Research III<\/a><\/p>\n<\/div>\n<\/div>\n<\/div>\n<\/div>\n<div id=\"set-rl_sliders-14\" class=\"rl_sliders nn_sliders accordion panel-group has_effects\" role=\"presentation\"><a id=\"rl_sliders-scrollto_14\" class=\"anchor rl_sliders-scroll nn_sliders-scroll\"><\/a><\/p>\n<div class=\"accordion-group panel rl_sliders-group nn_sliders-group red active\"><a id=\"rl_sliders-scrollto_events-in-2011\" class=\"anchor rl_sliders-scroll nn_sliders-scroll\"><\/a><\/p>\n<div class=\"accordion-heading panel-heading\" aria-controls=\"events-in-2011\"><a id=\"slider-events-in-2011\" class=\"accordion-toggle rl_sliders-toggle nn_sliders-toggle\" title=\"Events in 2011\" href=\"http:\/\/www.ktr.ff.ukf.sk\/index.php\/en\/events#events-in-2011\" data-toggle=\"collapse\" data-id=\"events-in-2011\" data-parent=\"#set-rl_sliders-14\" aria-expanded=\"true\"><span class=\"rl_sliders-toggle-inner nn_sliders-toggle-inner\"> Events in 2011<\/span><\/a><\/div>\n<div id=\"events-in-2011\" class=\"accordion-body rl_sliders-body nn_sliders-body in collapse\" role=\"region\" aria-labelledby=\"slider-events-in-2011\" aria-hidden=\"false\">\n<div class=\"accordion-inner panel-body\">\n<p><a title=\"Open link\" href=\"http:\/\/www.ktr.ff.ukf.sk\/index.php\/en\/events\/31-podujatia\/129-preklad-a-kultura-4\" target=\"_self\" rel=\"noopener\">22. \u2013 23. 11. 2011 | Translation and Culture 4<\/a><\/p>\n<p><a title=\"Open link\" href=\"http:\/\/www.ktr.ff.ukf.sk\/index.php\/en\/events\/31-podujatia\/128-citacka-poezie-autorov\" target=\"_self\" rel=\"noopener\">15. 11. 2011 | Reading the Works of Poets<\/a><\/p>\n<p><a title=\"Open link\" href=\"http:\/\/www.ktr.ff.ukf.sk\/index.php\/en\/events\/31-podujatia\/127-seria-prednasok-petra-ballu\" target=\"_self\" rel=\"noopener\">7. \u2013 11. 11. 2011 | Series of lectures by Peter Ballo<\/a><\/p>\n<p><a title=\"Open link\" href=\"http:\/\/www.ktr.ff.ukf.sk\/index.php\/en\/events\/31-podujatia\/126-tvorive-prekladatelske-reflexie-2-preklad-a-divadlo\" target=\"_self\" rel=\"noopener\">24. 10. 2011 | Creative Reflections on Translation 2 &#8211; Translation and Theater<\/a><\/p>\n<p><a title=\"Open link\" href=\"http:\/\/www.ktr.ff.ukf.sk\/index.php\/en\/events\/31-podujatia\/125-preloz-to-po-svojom\" target=\"_self\" rel=\"noopener\">Translate it your own way!<\/a><\/p>\n<p><a title=\"Open link\" href=\"http:\/\/www.ktr.ff.ukf.sk\/index.php\/en\/events\/31-podujatia\/124-stretnutie-s-irenou-breznou\" target=\"_self\" rel=\"noopener\">5. 10. 2011 | Discussion with Irena Bre\u017en\u00e1<\/a><\/p>\n<p><a title=\"Open link\" href=\"http:\/\/www.ktr.ff.ukf.sk\/index.php\/en\/events\/31-podujatia\/123-vyrazne-osobnosti-slovenskeho-umeleckeho-prekladu\" target=\"_self\" rel=\"noopener\">9. 5. 2011 | Significant Personalities of Slovak Literary Translation<\/a><\/p>\n<p><a title=\"Open link\" href=\"http:\/\/www.ktr.ff.ukf.sk\/index.php\/en\/events\/31-podujatia\/122-preklad-a-film\" target=\"_self\" rel=\"noopener\">3. 5. 2011 | Translation and Film<\/a><\/p>\n<p><a title=\"Open link\" href=\"http:\/\/www.ktr.ff.ukf.sk\/index.php\/en\/events\/31-podujatia\/121-hostovska-prednaska-rastislava-popelku\" target=\"_self\" rel=\"noopener\">6. 4. 2011 | Guest lecture by Rastislav Popelka<\/a><\/p>\n<p><a title=\"Open link\" href=\"http:\/\/www.ktr.ff.ukf.sk\/index.php\/en\/events\/31-podujatia\/118-sutaz-preklad-basne-detskej-literatury\" target=\"_self\" rel=\"noopener\">Contest: Translation of a Poem for Children<\/a><\/p>\n<p><a title=\"Open link\" href=\"http:\/\/www.ktr.ff.ukf.sk\/index.php\/en\/events\/31-podujatia\/117-sucasna-fantasticka-proza-v-interpretacii-a-preklade\" target=\"_self\" rel=\"noopener\">15. 3. 2011 | Contemporary Fantasy Prose in Interpretation and Translation<\/a><\/p>\n<p><a title=\"Open link\" href=\"http:\/\/www.ktr.ff.ukf.sk\/index.php\/en\/events\/31-podujatia\/116-tradicia-a-inovacia-v-translatologickom-vyskume\" target=\"_self\" rel=\"noopener\">8. 2. 2011 | Tradition and Innovation in Translation Studies Research<\/a><\/p>\n<\/div>\n<\/div>\n<\/div>\n<\/div>\n","protected":false},"excerpt":{"rendered":"<p>Events in 2024 17. 4. 2024 | Legal Translation in&#8230;<\/p>\n","protected":false},"author":11,"featured_media":0,"parent":0,"menu_order":0,"comment_status":"closed","ping_status":"closed","template":"","meta":{"_acf_changed":false,"footnotes":""},"class_list":["post-13022","page","type-page","status-publish","hentry"],"acf":[],"yoast_head":"<!-- This site is optimized with the Yoast SEO plugin v27.0 - https:\/\/yoast.com\/product\/yoast-seo-wordpress\/ -->\n<title>Events - Katedra translatologie<\/title>\n<meta name=\"robots\" content=\"index, follow, max-snippet:-1, max-image-preview:large, max-video-preview:-1\" \/>\n<link rel=\"canonical\" href=\"https:\/\/ktr.ff.ukf.sk\/en\/events\/\" \/>\n<meta property=\"og:locale\" content=\"en_US\" \/>\n<meta property=\"og:type\" content=\"article\" \/>\n<meta property=\"og:title\" content=\"Events - Katedra translatologie\" \/>\n<meta property=\"og:description\" content=\"Events in 2024 17. 4. 2024 | Legal Translation in...\" \/>\n<meta property=\"og:url\" content=\"https:\/\/ktr.ff.ukf.sk\/en\/events\/\" \/>\n<meta property=\"og:site_name\" content=\"Katedra translatologie\" \/>\n<meta property=\"article:modified_time\" content=\"2024-06-28T15:39:04+00:00\" \/>\n<meta name=\"twitter:card\" content=\"summary_large_image\" \/>\n<meta name=\"twitter:label1\" content=\"Est. reading time\" \/>\n\t<meta name=\"twitter:data1\" content=\"7 minutes\" \/>\n<script type=\"application\/ld+json\" class=\"yoast-schema-graph\">{\"@context\":\"https:\/\/schema.org\",\"@graph\":[{\"@type\":\"WebPage\",\"@id\":\"https:\/\/ktr.ff.ukf.sk\/en\/events\/\",\"url\":\"https:\/\/ktr.ff.ukf.sk\/en\/events\/\",\"name\":\"Events - Katedra translatologie\",\"isPartOf\":{\"@id\":\"https:\/\/ktr.ff.ukf.sk\/#website\"},\"datePublished\":\"2020-06-11T07:29:43+00:00\",\"dateModified\":\"2024-06-28T15:39:04+00:00\",\"breadcrumb\":{\"@id\":\"https:\/\/ktr.ff.ukf.sk\/en\/events\/#breadcrumb\"},\"inLanguage\":\"en-US\",\"potentialAction\":[{\"@type\":\"ReadAction\",\"target\":[\"https:\/\/ktr.ff.ukf.sk\/en\/events\/\"]}]},{\"@type\":\"BreadcrumbList\",\"@id\":\"https:\/\/ktr.ff.ukf.sk\/en\/events\/#breadcrumb\",\"itemListElement\":[{\"@type\":\"ListItem\",\"position\":1,\"name\":\"Home\",\"item\":\"https:\/\/ktr.ff.ukf.sk\/en\/\"},{\"@type\":\"ListItem\",\"position\":2,\"name\":\"Events\"}]},{\"@type\":\"WebSite\",\"@id\":\"https:\/\/ktr.ff.ukf.sk\/#website\",\"url\":\"https:\/\/ktr.ff.ukf.sk\/\",\"name\":\"Katedra translatologie\",\"description\":\"\",\"publisher\":{\"@id\":\"https:\/\/ktr.ff.ukf.sk\/#organization\"},\"potentialAction\":[{\"@type\":\"SearchAction\",\"target\":{\"@type\":\"EntryPoint\",\"urlTemplate\":\"https:\/\/ktr.ff.ukf.sk\/?s={search_term_string}\"},\"query-input\":{\"@type\":\"PropertyValueSpecification\",\"valueRequired\":true,\"valueName\":\"search_term_string\"}}],\"inLanguage\":\"en-US\"},{\"@type\":\"Organization\",\"@id\":\"https:\/\/ktr.ff.ukf.sk\/#organization\",\"name\":\"Katedra translatologie\",\"url\":\"https:\/\/ktr.ff.ukf.sk\/\",\"logo\":{\"@type\":\"ImageObject\",\"inLanguage\":\"en-US\",\"@id\":\"https:\/\/ktr.ff.ukf.sk\/#\/schema\/logo\/image\/\",\"url\":\"https:\/\/ktr.ff.ukf.sk\/wp-content\/uploads\/2024\/02\/logo-translatologia.png\",\"contentUrl\":\"https:\/\/ktr.ff.ukf.sk\/wp-content\/uploads\/2024\/02\/logo-translatologia.png\",\"width\":500,\"height\":120,\"caption\":\"Katedra translatologie\"},\"image\":{\"@id\":\"https:\/\/ktr.ff.ukf.sk\/#\/schema\/logo\/image\/\"}}]}<\/script>\n<!-- \/ Yoast SEO plugin. -->","yoast_head_json":{"title":"Events - Katedra translatologie","robots":{"index":"index","follow":"follow","max-snippet":"max-snippet:-1","max-image-preview":"max-image-preview:large","max-video-preview":"max-video-preview:-1"},"canonical":"https:\/\/ktr.ff.ukf.sk\/en\/events\/","og_locale":"en_US","og_type":"article","og_title":"Events - Katedra translatologie","og_description":"Events in 2024 17. 4. 2024 | Legal Translation in...","og_url":"https:\/\/ktr.ff.ukf.sk\/en\/events\/","og_site_name":"Katedra translatologie","article_modified_time":"2024-06-28T15:39:04+00:00","twitter_card":"summary_large_image","twitter_misc":{"Est. reading time":"7 minutes"},"schema":{"@context":"https:\/\/schema.org","@graph":[{"@type":"WebPage","@id":"https:\/\/ktr.ff.ukf.sk\/en\/events\/","url":"https:\/\/ktr.ff.ukf.sk\/en\/events\/","name":"Events - Katedra translatologie","isPartOf":{"@id":"https:\/\/ktr.ff.ukf.sk\/#website"},"datePublished":"2020-06-11T07:29:43+00:00","dateModified":"2024-06-28T15:39:04+00:00","breadcrumb":{"@id":"https:\/\/ktr.ff.ukf.sk\/en\/events\/#breadcrumb"},"inLanguage":"en-US","potentialAction":[{"@type":"ReadAction","target":["https:\/\/ktr.ff.ukf.sk\/en\/events\/"]}]},{"@type":"BreadcrumbList","@id":"https:\/\/ktr.ff.ukf.sk\/en\/events\/#breadcrumb","itemListElement":[{"@type":"ListItem","position":1,"name":"Home","item":"https:\/\/ktr.ff.ukf.sk\/en\/"},{"@type":"ListItem","position":2,"name":"Events"}]},{"@type":"WebSite","@id":"https:\/\/ktr.ff.ukf.sk\/#website","url":"https:\/\/ktr.ff.ukf.sk\/","name":"Katedra translatologie","description":"","publisher":{"@id":"https:\/\/ktr.ff.ukf.sk\/#organization"},"potentialAction":[{"@type":"SearchAction","target":{"@type":"EntryPoint","urlTemplate":"https:\/\/ktr.ff.ukf.sk\/?s={search_term_string}"},"query-input":{"@type":"PropertyValueSpecification","valueRequired":true,"valueName":"search_term_string"}}],"inLanguage":"en-US"},{"@type":"Organization","@id":"https:\/\/ktr.ff.ukf.sk\/#organization","name":"Katedra translatologie","url":"https:\/\/ktr.ff.ukf.sk\/","logo":{"@type":"ImageObject","inLanguage":"en-US","@id":"https:\/\/ktr.ff.ukf.sk\/#\/schema\/logo\/image\/","url":"https:\/\/ktr.ff.ukf.sk\/wp-content\/uploads\/2024\/02\/logo-translatologia.png","contentUrl":"https:\/\/ktr.ff.ukf.sk\/wp-content\/uploads\/2024\/02\/logo-translatologia.png","width":500,"height":120,"caption":"Katedra translatologie"},"image":{"@id":"https:\/\/ktr.ff.ukf.sk\/#\/schema\/logo\/image\/"}}]}},"_links":{"self":[{"href":"https:\/\/ktr.ff.ukf.sk\/en\/wp-json\/wp\/v2\/pages\/13022","targetHints":{"allow":["GET"]}}],"collection":[{"href":"https:\/\/ktr.ff.ukf.sk\/en\/wp-json\/wp\/v2\/pages"}],"about":[{"href":"https:\/\/ktr.ff.ukf.sk\/en\/wp-json\/wp\/v2\/types\/page"}],"author":[{"embeddable":true,"href":"https:\/\/ktr.ff.ukf.sk\/en\/wp-json\/wp\/v2\/users\/11"}],"replies":[{"embeddable":true,"href":"https:\/\/ktr.ff.ukf.sk\/en\/wp-json\/wp\/v2\/comments?post=13022"}],"version-history":[{"count":3,"href":"https:\/\/ktr.ff.ukf.sk\/en\/wp-json\/wp\/v2\/pages\/13022\/revisions"}],"predecessor-version":[{"id":15739,"href":"https:\/\/ktr.ff.ukf.sk\/en\/wp-json\/wp\/v2\/pages\/13022\/revisions\/15739"}],"wp:attachment":[{"href":"https:\/\/ktr.ff.ukf.sk\/en\/wp-json\/wp\/v2\/media?parent=13022"}],"curies":[{"name":"wp","href":"https:\/\/api.w.org\/{rel}","templated":true}]}}